{"id":173,"date":"2010-10-14T21:38:38","date_gmt":"2010-10-14T21:38:38","guid":{"rendered":"http:\/\/www.kalajoenvarjoliitajat.net\/?page_id=173"},"modified":"2016-04-22T15:15:00","modified_gmt":"2016-04-22T15:15:00","slug":"varjoliitoleiri-2001","status":"publish","type":"page","link":"https:\/\/kalajoenvarjoliitajat.net\/wordpress\/?page_id=173","title":{"rendered":"Varjoliitoleiri 2001"},"content":{"rendered":"<div id=\"attachment_174\" style=\"width: 310px\" class=\"wp-caption aligncenter\"><a href=\"https:\/\/kalajoenvarjoliitajat.net\/wordpress\/wp-content\/uploads\/2010\/10\/PILVI.jpg\"><img loading=\"lazy\" decoding=\"async\" aria-describedby=\"caption-attachment-174\" class=\"size-medium wp-image-174\" title=\"PILVI\" src=\"https:\/\/kalajoenvarjoliitajat.net\/wordpress\/wp-content\/uploads\/2010\/10\/PILVI-300x213.jpg\" alt=\"\" width=\"300\" height=\"213\" \/><\/a><p id=\"caption-attachment-174\" class=\"wp-caption-text\">Pilvi<\/p><\/div>\n<p><strong>Linja yksi, auto valamis&#8230;<\/strong><\/p>\n<p>63 osallistujaa leiriviikon aikana. Kuumaa, hikist\u00e4 ja p\u00f6lyist\u00e4 touhua hinausuran reunalta. Kolme hinuria kiskoi kahdella hinausk\u00f6ydell\u00e4 lent\u00e4ji\u00e4 yl\u00f6s aina muutaman minuutin v\u00e4lein. L\u00e4hett\u00e4j\u00e4n p\u00f6yd\u00e4n ymp\u00e4rill\u00e4 k\u00e4vi kiihke\u00e4\u00e4 kuhinaa, kirjuri piti jonotuslistaa ja l\u00e4hett\u00e4j\u00e4 hoiti radioliikennett\u00e4. Liitimi\u00e4 leviteltiin auki starttipaikalle ja hinausnarua tuotiin l\u00e4htev\u00e4n pilotin kytkimeen. Hommat hoitui jo edellisten vuosien antamalla rutiinilla.<br \/>\nToimintaahan kent\u00e4ll\u00e4 oli joka suunnassa, silm\u00e4t olisi pit\u00e4nyt olla sel\u00e4ss\u00e4kin.<\/p>\n<div id=\"attachment_175\" style=\"width: 269px\" class=\"wp-caption aligncenter\"><a href=\"https:\/\/kalajoenvarjoliitajat.net\/wordpress\/wp-content\/uploads\/2010\/10\/MissaMennaan.jpg\"><img loading=\"lazy\" decoding=\"async\" aria-describedby=\"caption-attachment-175\" class=\"size-full wp-image-175\" title=\"MissaMennaan\" src=\"https:\/\/kalajoenvarjoliitajat.net\/wordpress\/wp-content\/uploads\/2010\/10\/MissaMennaan.jpg\" alt=\"\" width=\"259\" height=\"216\" \/><\/a><p id=\"caption-attachment-175\" class=\"wp-caption-text\">Miss\u00e4 menn\u00e4\u00e4n<\/p><\/div>\n<p>Narunp\u00e4\u00e4h\u00e4n olikin koko lailla tunkua, joten kahden hinauslinjan jonotuslistalla sai pit\u00e4\u00e4 kielen keskell\u00e4 suuta, ettei oma vuoro mennyt ohitse, mukaan kun yritti my\u00f6s muitakin, ohi kaikkien listojen.<\/p>\n<div id=\"attachment_177\" style=\"width: 239px\" class=\"wp-caption aligncenter\"><a href=\"https:\/\/kalajoenvarjoliitajat.net\/wordpress\/wp-content\/uploads\/2010\/10\/Sarvijaakko.jpg\"><img loading=\"lazy\" decoding=\"async\" aria-describedby=\"caption-attachment-177\" class=\"size-full wp-image-177\" title=\"Sarvijaakko\" src=\"https:\/\/kalajoenvarjoliitajat.net\/wordpress\/wp-content\/uploads\/2010\/10\/Sarvijaakko.jpg\" alt=\"\" width=\"229\" height=\"191\" \/><\/a><p id=\"caption-attachment-177\" class=\"wp-caption-text\">Sarvijaakko<\/p><\/div>\n<div id=\"attachment_176\" style=\"width: 290px\" class=\"wp-caption aligncenter\"><a href=\"https:\/\/kalajoenvarjoliitajat.net\/wordpress\/wp-content\/uploads\/2010\/10\/Mauri.jpg\"><img loading=\"lazy\" decoding=\"async\" aria-describedby=\"caption-attachment-176\" class=\"size-full wp-image-176\" title=\"Mauri\" src=\"https:\/\/kalajoenvarjoliitajat.net\/wordpress\/wp-content\/uploads\/2010\/10\/Mauri.jpg\" alt=\"\" width=\"280\" height=\"224\" \/><\/a><p id=\"caption-attachment-176\" class=\"wp-caption-text\">Mauri<\/p><\/div>\n<p>Nuorempia leiril\u00e4isi\u00e4 kiinnosti enemm\u00e4n hinausauton tekniset ominaisuudet kuin jo tutuksi tulleet varjoliitimet. Jokainen hinausauto lienee tullut tarkastetuksi, mik\u00e4h\u00e4n mahtoi olla poikien mielest\u00e4 komein auto&#8230;?<\/p>\n<div id=\"attachment_178\" style=\"width: 310px\" class=\"wp-caption aligncenter\"><a href=\"https:\/\/kalajoenvarjoliitajat.net\/wordpress\/wp-content\/uploads\/2010\/10\/Pojat.jpg\"><img loading=\"lazy\" decoding=\"async\" aria-describedby=\"caption-attachment-178\" class=\"size-medium wp-image-178\" title=\"Pojat\" src=\"https:\/\/kalajoenvarjoliitajat.net\/wordpress\/wp-content\/uploads\/2010\/10\/Pojat-300x266.jpg\" alt=\"\" width=\"300\" height=\"266\" \/><\/a><p id=\"caption-attachment-178\" class=\"wp-caption-text\">Pojat<\/p><\/div>\n<p>Kun tuuli ulvoi nurkissa ja sade vihmoi taivaalta, oli aika ruveta tutkimaan pelastusvarjon sisustaa, miten se aukeaa ja kuinka se saadaan takaisin pakettiin.<br \/>\nSiin\u00e4p\u00e4 sit\u00e4 olikin ihmettelemist\u00e4, kuinka se siihen pussiin oikein mahtui.<\/p>\n<div id=\"attachment_179\" style=\"width: 235px\" class=\"wp-caption aligncenter\"><a href=\"https:\/\/kalajoenvarjoliitajat.net\/wordpress\/wp-content\/uploads\/2010\/10\/MikaPussi.jpg\"><img loading=\"lazy\" decoding=\"async\" aria-describedby=\"caption-attachment-179\" class=\"size-medium wp-image-179\" title=\"MikaPussi\" src=\"https:\/\/kalajoenvarjoliitajat.net\/wordpress\/wp-content\/uploads\/2010\/10\/MikaPussi-225x300.jpg\" alt=\"\" width=\"225\" height=\"300\" \/><\/a><p id=\"caption-attachment-179\" class=\"wp-caption-text\">Mika pussi<\/p><\/div>\n<p>S\u00e4pin\u00e4\u00e4 ja touhua riitti koko viikon, yksi porukasta oli rauhallinen mutta valpas vahtikoiramme, Hanskin uskollinen yst\u00e4v\u00e4 Osku, joka herke\u00e4m\u00e4tt\u00e4 vartioi, ettei hinausautojemme annettu lev\u00e4t\u00e4 kuin tankkauksen ajan.<\/p>\n<div id=\"attachment_180\" style=\"width: 248px\" class=\"wp-caption aligncenter\"><a href=\"https:\/\/kalajoenvarjoliitajat.net\/wordpress\/wp-content\/uploads\/2010\/10\/Koira.jpg\"><img loading=\"lazy\" decoding=\"async\" aria-describedby=\"caption-attachment-180\" class=\"size-medium wp-image-180\" title=\"Koira\" src=\"https:\/\/kalajoenvarjoliitajat.net\/wordpress\/wp-content\/uploads\/2010\/10\/Koira-238x300.jpg\" alt=\"\" width=\"238\" height=\"300\" \/><\/a><p id=\"caption-attachment-180\" class=\"wp-caption-text\">Koira<\/p><\/div>\n<p>Keskiviikoksi ennustettiin kovaa tuulta ja ukkosta. Ennusteen paikkaansapit\u00e4vyyden voi tarkastaa kuvasta. P\u00e4iv\u00e4st\u00e4 tulikin koko leirin paras lentop\u00e4iv\u00e4, 135 hinausta ja muutamia matkalentoja.<br \/>\nHetkitt\u00e4in sivutuulen vallitessa paistateltiin nahkaa auringossa ja seurattiin Petrin hikoilua liitimen maak\u00e4sittelyss\u00e4.<\/p>\n<div id=\"attachment_181\" style=\"width: 310px\" class=\"wp-caption aligncenter\"><a href=\"https:\/\/kalajoenvarjoliitajat.net\/wordpress\/wp-content\/uploads\/2010\/10\/startti11.jpg\"><img loading=\"lazy\" decoding=\"async\" aria-describedby=\"caption-attachment-181\" class=\"size-medium wp-image-181\" title=\"startti1\" src=\"https:\/\/kalajoenvarjoliitajat.net\/wordpress\/wp-content\/uploads\/2010\/10\/startti11-300x215.jpg\" alt=\"\" width=\"300\" height=\"215\" \/><\/a><p id=\"caption-attachment-181\" class=\"wp-caption-text\">Startti<\/p><\/div>\n<p>Kun kunnon hiki oli saatu pintaan, oli aika l\u00e4hte\u00e4 katselemaan Ylivieskan komeita maisemia. T\u00e4ll\u00e4kin kertaa hinauspaineet olivat juuri sopivat, ei j\u00e4\u00e4neet monot l\u00e4ht\u00f6kuoppiin.<\/p>\n<div id=\"attachment_182\" style=\"width: 310px\" class=\"wp-caption aligncenter\"><a href=\"https:\/\/kalajoenvarjoliitajat.net\/wordpress\/wp-content\/uploads\/2010\/10\/Saapas.jpg\"><img loading=\"lazy\" decoding=\"async\" aria-describedby=\"caption-attachment-182\" class=\"size-medium wp-image-182\" title=\"Saapas\" src=\"https:\/\/kalajoenvarjoliitajat.net\/wordpress\/wp-content\/uploads\/2010\/10\/Saapas-300x225.jpg\" alt=\"\" width=\"300\" height=\"225\" \/><\/a><p id=\"caption-attachment-182\" class=\"wp-caption-text\">Saapas<\/p><\/div>\n<p>Moottorilent\u00e4jill\u00e4kin oli aina v\u00e4lill\u00e4 pieni\u00e4 ongelmia, joskus meni jopa sormi suuhun ratkaisua mietitt\u00e4ess\u00e4&#8230;<\/p>\n<div id=\"attachment_183\" style=\"width: 310px\" class=\"wp-caption aligncenter\"><a href=\"https:\/\/kalajoenvarjoliitajat.net\/wordpress\/wp-content\/uploads\/2010\/10\/Peukkusuussa.jpg\"><img loading=\"lazy\" decoding=\"async\" aria-describedby=\"caption-attachment-183\" class=\"size-medium wp-image-183\" title=\"Peukkusuussa\" src=\"https:\/\/kalajoenvarjoliitajat.net\/wordpress\/wp-content\/uploads\/2010\/10\/Peukkusuussa-300x226.jpg\" alt=\"\" width=\"300\" height=\"226\" \/><\/a><p id=\"caption-attachment-183\" class=\"wp-caption-text\">Peukku suussa<\/p><\/div>\n<p>Riippuliitimen laskeutuminen sai koko porukan hetkitt\u00e4in hiljentym\u00e4\u00e4n ja seuraamaan tuon vauhdikkaan lentolaitteen huimaa n\u00e4yt\u00f6st\u00e4.<\/p>\n<div id=\"attachment_184\" style=\"width: 300px\" class=\"wp-caption aligncenter\"><a href=\"https:\/\/kalajoenvarjoliitajat.net\/wordpress\/wp-content\/uploads\/2010\/10\/riippari.jpg\"><img loading=\"lazy\" decoding=\"async\" aria-describedby=\"caption-attachment-184\" class=\"size-full wp-image-184\" title=\"riippari\" src=\"https:\/\/kalajoenvarjoliitajat.net\/wordpress\/wp-content\/uploads\/2010\/10\/riippari.jpg\" alt=\"\" width=\"290\" height=\"170\" \/><\/a><p id=\"caption-attachment-184\" class=\"wp-caption-text\">Riippari<\/p><\/div>\n<p><strong>Linja kaksi, valamis aja&#8230;..<\/strong><\/p>\n<p>Hinaukset hoideltiin kahdella hinauslinjalla ja 1500m k\u00f6ysill\u00e4. Hinausautoja oli k\u00e4yt\u00f6ss\u00e4 kolme, joskus jopa nelj\u00e4kin, mik\u00e4 oli kuitenkin jo liikaa.<br \/>\nJoskus sivutuuli sai aikaan tuulen yl\u00e4puolisen k\u00f6yden tippumisen hinauksessa olevan toisen k\u00f6yden p\u00e4\u00e4lle. Er\u00e4\u00e4n\u00e4 iltana hinausk\u00f6yden katkeaminen ja 700m p\u00e4tk\u00e4n mets\u00e4\u00e4n meno aiheutti pitemm\u00e4n katkoksen hinauksiin. Mutta jo seuraavana p\u00e4iv\u00e4n\u00e4 k\u00f6ydenp\u00e4tk\u00e4n tuominen kiitotielle onnistui briefingiss\u00e4 annettujen ohjeiden mukaan.<br \/>\nK\u00f6yden katkeamisia tapahtui leirin aikana muutamia, ei kuitenkaan liikaa, k\u00f6ysi kun katkesi vain yhdest\u00e4 kohtaa kerralla.<\/p>\n<div id=\"attachment_185\" style=\"width: 310px\" class=\"wp-caption aligncenter\"><a href=\"https:\/\/kalajoenvarjoliitajat.net\/wordpress\/wp-content\/uploads\/2010\/10\/Tuukka.jpg\"><img loading=\"lazy\" decoding=\"async\" aria-describedby=\"caption-attachment-185\" class=\"size-medium wp-image-185\" title=\"Tuukka\" src=\"https:\/\/kalajoenvarjoliitajat.net\/wordpress\/wp-content\/uploads\/2010\/10\/Tuukka-300x158.jpg\" alt=\"\" width=\"300\" height=\"158\" \/><\/a><p id=\"caption-attachment-185\" class=\"wp-caption-text\">Tuukka<\/p><\/div>\n<p>Hinauskoulutuksesta innostuneelle Eijallekin sauna maistui p\u00f6lyisess\u00e4 hinurissa vietetyn p\u00e4iv\u00e4n j\u00e4lkeen.<\/p>\n<div id=\"attachment_186\" style=\"width: 154px\" class=\"wp-caption aligncenter\"><a href=\"https:\/\/kalajoenvarjoliitajat.net\/wordpress\/wp-content\/uploads\/2010\/10\/Eija.jpg\"><img loading=\"lazy\" decoding=\"async\" aria-describedby=\"caption-attachment-186\" class=\"size-full wp-image-186\" title=\"Eija\" src=\"https:\/\/kalajoenvarjoliitajat.net\/wordpress\/wp-content\/uploads\/2010\/10\/Eija.jpg\" alt=\"\" width=\"144\" height=\"159\" \/><\/a><p id=\"caption-attachment-186\" class=\"wp-caption-text\">Eija<\/p><\/div>\n<p>Klasit p\u00e4\u00e4h\u00e4n, karabiinit ojennukseen ja menoksi&#8230;<\/p>\n<div id=\"attachment_187\" style=\"width: 232px\" class=\"wp-caption aligncenter\"><a href=\"https:\/\/kalajoenvarjoliitajat.net\/wordpress\/wp-content\/uploads\/2010\/10\/Naprailya.jpg\"><img loading=\"lazy\" decoding=\"async\" aria-describedby=\"caption-attachment-187\" class=\"size-medium wp-image-187\" title=\"Naprailya\" src=\"https:\/\/kalajoenvarjoliitajat.net\/wordpress\/wp-content\/uploads\/2010\/10\/Naprailya-222x300.jpg\" alt=\"\" width=\"222\" height=\"300\" \/><\/a><p id=\"caption-attachment-187\" class=\"wp-caption-text\">N\u00e4pr\u00e4ily\u00e4<\/p><\/div>\n<div id=\"attachment_188\" style=\"width: 300px\" class=\"wp-caption aligncenter\"><a href=\"https:\/\/kalajoenvarjoliitajat.net\/wordpress\/wp-content\/uploads\/2010\/10\/Hanski.jpg\"><img loading=\"lazy\" decoding=\"async\" aria-describedby=\"caption-attachment-188\" class=\"size-full wp-image-188\" title=\"Hanski\" src=\"https:\/\/kalajoenvarjoliitajat.net\/wordpress\/wp-content\/uploads\/2010\/10\/Hanski.jpg\" alt=\"\" width=\"290\" height=\"201\" \/><\/a><p id=\"caption-attachment-188\" class=\"wp-caption-text\">Hanski<\/p><\/div>\n<p>Majoituspaikkana toimi edellisvuosien tapaan Huhmarkallion hiihtostadion.<\/p>\n<p>Telttoja oli enemm\u00e4n kuin edellisvuosina ja s\u00e4\u00e4 suosikin telttailijoita; p\u00e4iv\u00e4ll\u00e4 kuumaa ja y\u00f6ll\u00e4 ukkoskuuroja. Keskim\u00e4\u00e4rin sopivaa.<br \/>\nTarjolla oli my\u00f6s j\u00e4\u00e4tel\u00f6\u00e4, p\u00e4\u00e4ryn\u00e4tuutti oli eniten myyty herkku. Jotkut jopa hotkivat niit\u00e4. Nam.<\/p>\n<div id=\"attachment_189\" style=\"width: 235px\" class=\"wp-caption aligncenter\"><a href=\"https:\/\/kalajoenvarjoliitajat.net\/wordpress\/wp-content\/uploads\/2010\/10\/Jaatelo.jpg\"><img loading=\"lazy\" decoding=\"async\" aria-describedby=\"caption-attachment-189\" class=\"size-full wp-image-189\" title=\"Jaatelo\" src=\"https:\/\/kalajoenvarjoliitajat.net\/wordpress\/wp-content\/uploads\/2010\/10\/Jaatelo.jpg\" alt=\"\" width=\"225\" height=\"300\" \/><\/a><p id=\"caption-attachment-189\" class=\"wp-caption-text\">J\u00e4\u00e4tel\u00f6<\/p><\/div>\n<p>Hei, mit\u00e4s t\u00e4ss\u00e4 oikein lukeekaan&#8230;<br \/>\nVee-aa-\u00e4l VAL, \u00e4m-ee-tee MET, <a href=\"http:\/\/www.valtra.fi\" target=\"_blank\">Valtra<\/a>.<br \/>\nPentti vasemmalla ep\u00e4ilee kyll\u00e4 autoa Hiluxiksi&#8230;<\/p>\n<div id=\"attachment_190\" style=\"width: 310px\" class=\"wp-caption aligncenter\"><a href=\"https:\/\/kalajoenvarjoliitajat.net\/wordpress\/wp-content\/uploads\/2010\/10\/Valmet.jpg\"><img loading=\"lazy\" decoding=\"async\" aria-describedby=\"caption-attachment-190\" class=\"size-medium wp-image-190\" title=\"Valmet\" src=\"https:\/\/kalajoenvarjoliitajat.net\/wordpress\/wp-content\/uploads\/2010\/10\/Valmet-300x166.jpg\" alt=\"\" width=\"300\" height=\"166\" \/><\/a><p id=\"caption-attachment-190\" class=\"wp-caption-text\">Valmet<\/p><\/div>\n<p>Viikon lopulla 545 hinauksen ja 9 leirip\u00e4iv\u00e4n j\u00e4lkeen oli aika pakata liidin pussiin ja matkata kohti kotia.<\/p>\n<div id=\"attachment_191\" style=\"width: 253px\" class=\"wp-caption aligncenter\"><a href=\"http:\/\/kalajoenvarjoliitajat.net\/wp-content\/uploads\/2010\/10\/Ossi.jpg\"><img loading=\"lazy\" decoding=\"async\" aria-describedby=\"caption-attachment-191\" class=\"size-full wp-image-191\" title=\"Ossi\" src=\"https:\/\/kalajoenvarjoliitajat.net\/wordpress\/wp-content\/uploads\/2010\/10\/Ossi.jpg\" alt=\"\" width=\"243\" height=\"163\" \/><\/a><p id=\"caption-attachment-191\" class=\"wp-caption-text\">Ossi<\/p><\/div>\n<p>Kiitokset Tuukalle ja Tuulille n\u00e4ist\u00e4 hyvist\u00e4 kuvista, ja ev\u00e4skassista Huhmarin portailla.Seuraavana p\u00e4iv\u00e4n\u00e4 alkoikin sitten jo varjoliidon SM-kilpailut, mutta se onkin sitten jo aivan toinen tarina.<\/p>\n<div id=\"attachment_192\" style=\"width: 131px\" class=\"wp-caption aligncenter\"><a href=\"http:\/\/kalajoenvarjoliitajat.net\/wp-content\/uploads\/2010\/10\/Tuukka2.jpg\"><img loading=\"lazy\" decoding=\"async\" aria-describedby=\"caption-attachment-192\" class=\"size-full wp-image-192\" title=\"Tuukka2\" src=\"https:\/\/kalajoenvarjoliitajat.net\/wordpress\/wp-content\/uploads\/2010\/10\/Tuukka2.jpg\" alt=\"\" width=\"121\" height=\"150\" \/><\/a><p id=\"caption-attachment-192\" class=\"wp-caption-text\">Tuukka<\/p><\/div>\n<p>Essi, Reijo ja Petri<\/p>\n","protected":false},"excerpt":{"rendered":"<p>Linja yksi, auto valamis&#8230; 63 osallistujaa leiriviikon aikana. Kuumaa, hikist\u00e4 ja p\u00f6lyist\u00e4 touhua hinausuran reunalta. Kolme hinuria kiskoi kahdella hinausk\u00f6ydell\u00e4 lent\u00e4ji\u00e4 yl\u00f6s aina muutaman minuutin v\u00e4lein. L\u00e4hett\u00e4j\u00e4n p\u00f6yd\u00e4n ymp\u00e4rill\u00e4 k\u00e4vi kiihke\u00e4\u00e4 kuhinaa, kirjuri piti jonotuslistaa ja l\u00e4hett\u00e4j\u00e4 hoiti radioliikennett\u00e4. Liitimi\u00e4 leviteltiin auki starttipaikalle ja hinausnarua tuotiin l\u00e4htev\u00e4n pilotin kytkimeen. Hommat hoitui jo edellisten vuosien antamalla [&hellip;]<\/p>\n","protected":false},"author":1,"featured_media":0,"parent":27,"menu_order":2,"comment_status":"closed","ping_status":"closed","template":"","meta":{"footnotes":""},"class_list":["post-173","page","type-page","status-publish","hentry"],"_links":{"self":[{"href":"https:\/\/kalajoenvarjoliitajat.net\/wordpress\/index.php?rest_route=\/wp\/v2\/pages\/173","targetHints":{"allow":["GET"]}}],"collection":[{"href":"https:\/\/kalajoenvarjoliitajat.net\/wordpress\/index.php?rest_route=\/wp\/v2\/pages"}],"about":[{"href":"https:\/\/kalajoenvarjoliitajat.net\/wordpress\/index.php?rest_route=\/wp\/v2\/types\/page"}],"author":[{"embeddable":true,"href":"https:\/\/kalajoenvarjoliitajat.net\/wordpress\/index.php?rest_route=\/wp\/v2\/users\/1"}],"replies":[{"embeddable":true,"href":"https:\/\/kalajoenvarjoliitajat.net\/wordpress\/index.php?rest_route=%2Fwp%2Fv2%2Fcomments&post=173"}],"version-history":[{"count":12,"href":"https:\/\/kalajoenvarjoliitajat.net\/wordpress\/index.php?rest_route=\/wp\/v2\/pages\/173\/revisions"}],"predecessor-version":[{"id":536,"href":"https:\/\/kalajoenvarjoliitajat.net\/wordpress\/index.php?rest_route=\/wp\/v2\/pages\/173\/revisions\/536"}],"up":[{"embeddable":true,"href":"https:\/\/kalajoenvarjoliitajat.net\/wordpress\/index.php?rest_route=\/wp\/v2\/pages\/27"}],"wp:attachment":[{"href":"https:\/\/kalajoenvarjoliitajat.net\/wordpress\/index.php?rest_route=%2Fwp%2Fv2%2Fmedia&parent=173"}],"curies":[{"name":"wp","href":"https:\/\/api.w.org\/{rel}","templated":true}]}}